{"id":151,"date":"2020-08-16T11:56:36","date_gmt":"2020-08-16T16:56:36","guid":{"rendered":"http:\/\/albertopreciado.com\/sitio\/?page_id=151"},"modified":"2022-09-02T16:52:17","modified_gmt":"2022-09-02T21:52:17","slug":"derecho-comercial-y-estrategias-corporativas","status":"publish","type":"page","link":"https:\/\/albertopreciado.com\/es\/areas-de-practica\/derecho-comercial-y-estrategias-corporativas\/","title":{"rendered":"Derecho comercial y estrategias corporativas"},"content":{"rendered":"\n<div style=\"height:40px\" aria-hidden=\"true\" class=\"wp-block-spacer\"><\/div>\n\n\n\n<div style=\"height:60px\" aria-hidden=\"true\" class=\"wp-block-spacer\"><\/div>\n\n\n\n<figure class=\"wp-block-image size-large is-style-seal-rigth\"><img decoding=\"async\" width=\"312\" height=\"313\" src=\"http:\/\/albertopreciado.com\/sitio\/wp-content\/uploads\/2020\/08\/Sello-naranja.svg\" alt=\"\" class=\"wp-image-308\" srcset=\"https:\/\/albertopreciado.com\/wp-content\/uploads\/\/2020\/08\/Sello-naranja.svg 150w, https:\/\/albertopreciado.com\/wp-content\/uploads\/\/2020\/08\/Sello-naranja.svg 300w, https:\/\/albertopreciado.com\/wp-content\/uploads\/\/2020\/08\/Sello-naranja.svg 1024w, https:\/\/albertopreciado.com\/wp-content\/uploads\/\/2020\/08\/Sello-naranja.svg 1536w, https:\/\/albertopreciado.com\/wp-content\/uploads\/\/2020\/08\/Sello-naranja.svg 2048w, https:\/\/albertopreciado.com\/wp-content\/uploads\/\/2020\/08\/Sello-naranja.svg 312w\" sizes=\"(max-width: 312px) 100vw, 312px\" \/><\/figure>\n\n\n\n<div class=\"wp-block-columns is-layout-flex wp-container-core-columns-is-layout-9d6595d7 wp-block-columns-is-layout-flex\">\n<div class=\"wp-block-column is-layout-flow wp-block-column-is-layout-flow\">\n<div style=\"height:40px\" aria-hidden=\"true\" class=\"wp-block-spacer\"><\/div>\n\n\n\n<p class=\"has-text-align-left mb-0 has-text-color has-small-font-size\" style=\"color:#4b5369\"><strong>LA MEJOR<\/strong><\/p>\n\n\n\n<h2 class=\"title-after is-style-title-after wp-block-heading\">definici\u00f3n<\/h2>\n\n\n\n<p>El derecho comercial comprende gran parte de las interacciones dentro de un mundo globalizado, bien a trav\u00e9s de asociaciones o sociedades, hacia el \u00e1mbito externo o interno de las relaciones entre socios. Involucra adem\u00e1s, cualquier actividad mercantil desde la m\u00e1s elemental a la m\u00e1s sofisticada y compleja. En la asesor\u00eda corporativa y de estructuraci\u00f3n de los negocios, tenemos experiencia en la gesti\u00f3n de los riesgos de lavado de activos, financiaci\u00f3n del terrorismo y anticorrupci\u00f3n.<\/p>\n<\/div>\n\n\n\n<div class=\"wp-block-column is-layout-flow wp-block-column-is-layout-flow\">\n<figure class=\"wp-block-image size-large\"><img decoding=\"async\" width=\"564\" height=\"376\" src=\"https:\/\/albertopreciado.com\/wp-content\/uploads\/2021\/02\/Areas-de-practica_E.jpg\" alt=\"\" class=\"wp-image-811\" srcset=\"https:\/\/albertopreciado.com\/wp-content\/uploads\/2021\/02\/Areas-de-practica_E.jpg 564w, https:\/\/albertopreciado.com\/wp-content\/uploads\/2021\/02\/Areas-de-practica_E-300x200.jpg 300w, https:\/\/albertopreciado.com\/wp-content\/uploads\/2021\/02\/Areas-de-practica_E-16x12.jpg 16w\" sizes=\"(max-width: 564px) 100vw, 564px\" \/><\/figure>\n<\/div>\n<\/div>\n\n\n\n<div style=\"height:60px\" aria-hidden=\"true\" class=\"wp-block-spacer\"><\/div>\n\n\n\n<p class=\"has-text-align-center is-style-paragraph-background is-style-with-background\"><strong>DESDE ESTA \u00c1REA BUSCAMOS APOYAR A NUESTROS CLIENTES, EN:<\/strong><\/p>\n\n\n\n<div style=\"height:50px\" aria-hidden=\"true\" class=\"wp-block-spacer\"><\/div>\n\n\n\n<div class=\"wp-block-columns is-layout-flex wp-container-core-columns-is-layout-9d6595d7 wp-block-columns-is-layout-flex\">\n<div class=\"wp-block-column is-layout-flow wp-block-column-is-layout-flow\">\n<div class=\"wp-block-abg-bisel\"><img decoding=\"async\" src=\"https:\/\/albertopreciado.com\/wp-content\/uploads\/2020\/11\/derecho-comercial-2.png\"\/><div><p>La constituci\u00f3n, desarrollo y estructuraci\u00f3n de negocios y liquidaci\u00f3n de compa\u00f1\u00edas.<\/p><\/div><\/div>\n\n\n\n<div class=\"wp-block-abg-bisel\"><img decoding=\"async\" src=\"https:\/\/albertopreciado.com\/wp-content\/uploads\/2020\/11\/derecho-comercial-2.png\"\/><div><p>Asesor\u00eda permanente en materia de estrategia corporativa.<\/p><\/div><\/div>\n\n\n\n<div class=\"wp-block-abg-bisel\"><img decoding=\"async\" src=\"https:\/\/albertopreciado.com\/wp-content\/uploads\/2020\/11\/derecho-comercial-2.png\"\/><div><p>Apoyo en las Asambleas o Juntas Directivas.<\/p><\/div><\/div>\n<\/div>\n\n\n\n<div class=\"wp-block-column is-layout-flow wp-block-column-is-layout-flow\">\n<div class=\"wp-block-abg-bisel\"><img decoding=\"async\" src=\"https:\/\/albertopreciado.com\/wp-content\/uploads\/2020\/11\/derecho-comercial-2.png\"\/><div><p>Dise\u00f1o de estrategias a nivel de los diferentes \u00f3rganos de control de las compa\u00f1\u00edas.<\/p><\/div><\/div>\n\n\n\n<div class=\"wp-block-abg-bisel\"><img decoding=\"async\" src=\"https:\/\/albertopreciado.com\/wp-content\/uploads\/2020\/11\/derecho-comercial-2.png\"\/><div><p>Registro y estructuraci\u00f3n de inversiones extranjeras ante el Banco de la Rep\u00fablica y dem\u00e1s entes de control.<\/p><\/div><\/div>\n<\/div>\n\n\n\n<div class=\"wp-block-column is-layout-flow wp-block-column-is-layout-flow\">\n<div class=\"wp-block-abg-bisel\"><img decoding=\"async\" src=\"https:\/\/albertopreciado.com\/wp-content\/uploads\/2020\/11\/derecho-comercial-2.png\"\/><div><p>Gesti\u00f3n de riesgos de lavado de activos, financiaci\u00f3n del terrorismo y anticorrupci\u00f3n.<\/p><\/div><\/div>\n\n\n\n<div class=\"wp-block-abg-bisel\"><img decoding=\"async\" src=\"https:\/\/albertopreciado.com\/wp-content\/uploads\/2020\/11\/derecho-comercial-2.png\"\/><div><p>Estructuraci\u00f3n y aplicaci\u00f3n de estrategias de negociaci\u00f3n para resolver conflictos entre nuestros clientes, sus socios, administradores y grupos de inter\u00e9s<\/p><\/div><\/div>\n<\/div>\n\n\n\n<div class=\"wp-block-column is-layout-flow wp-block-column-is-layout-flow\">\n<div class=\"wp-block-abg-bisel\"><img decoding=\"async\" src=\"https:\/\/albertopreciado.com\/wp-content\/uploads\/2020\/11\/derecho-comercial-2.png\"\/><div><p>Coordinaci\u00f3n y supervisi\u00f3n del manejo administrativo de las compa\u00f1\u00edas de nuestros clientes<\/p><\/div><\/div>\n\n\n\n<div class=\"wp-block-abg-bisel\"><img decoding=\"async\" src=\"https:\/\/albertopreciado.com\/wp-content\/uploads\/2020\/11\/derecho-comercial-2.png\"\/><div><p>Negociaci\u00f3n y formalizaci\u00f3n de contratos (compraventa de acciones, arrendamientos comerciales, joint venture, franquicias, prestaci\u00f3n de servicios, entre otros).<\/p><\/div><\/div>\n<\/div>\n<\/div>\n\n\n\n<div class=\"wp-block-cover alignwide is-light mb-0 pb-0\"><span aria-hidden=\"true\" class=\"wp-block-cover__background has-background-dim-100 has-background-dim\" style=\"background-color:#f4ede6\"><\/span><div class=\"wp-block-cover__inner-container is-layout-flow wp-block-cover-is-layout-flow\">\n<div class=\"wp-block-columns mb-0 is-layout-flex wp-container-core-columns-is-layout-9d6595d7 wp-block-columns-is-layout-flex\">\n<div class=\"wp-block-column mb-0 is-layout-flow wp-block-column-is-layout-flow\">\n<div style=\"height:60px\" aria-hidden=\"true\" class=\"wp-block-spacer\"><\/div>\n\n\n\n<p class=\"has-text-align-left mb-0 has-text-color has-small-font-size\" style=\"color:#4b5369\"><strong>NUESTROS<\/strong><\/p>\n\n\n\n<h2 class=\"title-after is-style-title-after wp-block-heading\">objetivos<\/h2>\n\n\n\n<div style=\"height:60px\" aria-hidden=\"true\" class=\"wp-block-spacer\"><\/div>\n\n\n\n<div class=\"wp-block-group\"><div class=\"wp-block-group__inner-container is-layout-flow wp-block-group-is-layout-flow\">\n<ul class=\"text-align-justify wp-block-list\"><li><strong>Resolvemos los problemas con sus socios o administradores.<\/strong><\/li><li><strong>Planeamos el futuro patrimonial de su empresa o familia.<\/strong><\/li><li><strong>Optimizamos su negocio empleando diferentes estrategias jur\u00eddicas.<\/strong><\/li><li><strong>Manejo de crisis o socio \u201ccontaminado\u201d, en proceso relacionados con lavado de activos o relacionados<\/strong><\/li><\/ul>\n<\/div><\/div>\n\n\n\n<div style=\"height:1px\" aria-hidden=\"true\" class=\"wp-block-spacer\"><\/div>\n\n\n\n<div style=\"height:60px\" aria-hidden=\"true\" class=\"wp-block-spacer\"><\/div>\n\n\n\n<div class=\"wp-block-buttons is-content-justification-center is-layout-flex wp-container-core-buttons-is-layout-16018d1d wp-block-buttons-is-layout-flex\">\n<div class=\"wp-block-button\"><a class=\"wp-block-button__link\" href=\"https:\/\/albertopreciado.com\/es\/contacto\/\">TE AYUDAMOS<\/a><\/div>\n<\/div>\n\n\n\n<div style=\"height:60px\" aria-hidden=\"true\" class=\"wp-block-spacer\"><\/div>\n<\/div>\n\n\n\n<div class=\"wp-block-column mb-0 is-layout-flow wp-block-column-is-layout-flow\"><\/div>\n<\/div>\n<\/div><\/div>\n","protected":false},"excerpt":{"rendered":"<p>LA MEJOR definici\u00f3n El derecho comercial comprende gran parte de las interacciones dentro de un mundo globalizado, bien a trav\u00e9s de asociaciones o sociedades, hacia el \u00e1mbito externo o interno de las relaciones entre socios. Involucra adem\u00e1s, cualquier actividad mercantil desde la m\u00e1s elemental a la m\u00e1s sofisticada y compleja. En la asesor\u00eda corporativa y [&hellip;]<\/p>\n","protected":false},"author":1,"featured_media":1085,"parent":149,"menu_order":1,"comment_status":"closed","ping_status":"closed","template":"","meta":{"_seopress_robots_primary_cat":"","footnotes":""},"class_list":["post-151","page","type-page","status-publish","has-post-thumbnail"],"acf":[],"banner":false,"_links":{"self":[{"href":"https:\/\/albertopreciado.com\/es\/wp-json\/wp\/v2\/pages\/151","targetHints":{"allow":["GET"]}}],"collection":[{"href":"https:\/\/albertopreciado.com\/es\/wp-json\/wp\/v2\/pages"}],"about":[{"href":"https:\/\/albertopreciado.com\/es\/wp-json\/wp\/v2\/types\/page"}],"author":[{"embeddable":true,"href":"https:\/\/albertopreciado.com\/es\/wp-json\/wp\/v2\/users\/1"}],"replies":[{"embeddable":true,"href":"https:\/\/albertopreciado.com\/es\/wp-json\/wp\/v2\/comments?post=151"}],"version-history":[{"count":75,"href":"https:\/\/albertopreciado.com\/es\/wp-json\/wp\/v2\/pages\/151\/revisions"}],"predecessor-version":[{"id":1537,"href":"https:\/\/albertopreciado.com\/es\/wp-json\/wp\/v2\/pages\/151\/revisions\/1537"}],"up":[{"embeddable":true,"href":"https:\/\/albertopreciado.com\/es\/wp-json\/wp\/v2\/pages\/149"}],"wp:featuredmedia":[{"embeddable":true,"href":"https:\/\/albertopreciado.com\/es\/wp-json\/wp\/v2\/media\/1085"}],"wp:attachment":[{"href":"https:\/\/albertopreciado.com\/es\/wp-json\/wp\/v2\/media?parent=151"}],"curies":[{"name":"wp","href":"https:\/\/api.w.org\/{rel}","templated":true}]}}